{"id":1011,"date":"2022-06-17T13:46:30","date_gmt":"2022-06-17T13:46:30","guid":{"rendered":"https:\/\/www.ibikecuneo.com\/eine-radtour-im-zeichen-von-kunst-und-natur-cuneo-grana-tal-und-maira-tal\/von-cuneo-ins-grana-tal\/"},"modified":"2022-09-29T13:49:48","modified_gmt":"2022-09-29T13:49:48","slug":"von-cuneo-ins-grana-tal","status":"publish","type":"page","link":"https:\/\/www.ibikecuneo.com\/de\/routen\/eine-radtour-im-zeichen-von-kunst-und-natur-cuneo-grana-tal-und-maira-tal\/von-cuneo-ins-grana-tal\/","title":{"rendered":"Von Cuneo ins Grana-Tal"},"content":{"rendered":"\n  <div id=\"page-header-597176380\" class=\"page-header-wrapper\">\n  <div class=\"page-title dark featured-title\">\n\n        <div class=\"page-title-bg\">\n      <div class=\"title-bg fill bg-fill\"\n        data-parallax-container=\".page-title\"\n        data-parallax-background\n        data-parallax=\"-\">\n      <\/div>\n      <div class=\"title-overlay fill\"><\/div>\n    <\/div>\n    \n    <div class=\"page-title-inner container align-center flex-row medium-flex-wrap\" >\n              <div class=\"title-wrapper flex-col text-left medium-text-center\">\n          <h1 class=\"entry-title mb-0\">\n            Von Cuneo ins Grana-Tal          <\/h1>\n        <\/div>\n                    <div class=\"title-content flex-col flex-right text-right medium-text-center\">\n        <div class=\"title-breadcrumbs pb-half pt-half\"><\/div>      <\/div>\n    <\/div>\n\n     \n<style>\n#page-header-597176380 .page-title-inner {\n  min-height: 160px;\n}\n#page-header-597176380 .title-bg {\n  background-image: url(https:\/\/www.ibikecuneo.com\/wp-content\/uploads\/2022\/07\/img319.jpg);\n}\n#page-header-597176380 .title-overlay {\n  background-color: rgba(0,0,0,.5);\n}\n<\/style>\n  <\/div>\n    <\/div>\n  \n\n\t<section class=\"section\" id=\"section_1458415730\">\n\t\t<div class=\"bg section-bg fill bg-fill  bg-loaded\" >\n\n\t\t\t\n\t\t\t\n\t\t\t\n\n\t\t<\/div>\n\n\t\t\n\n\t\t<div class=\"section-content relative\">\n\t\t\t\n\n<div class=\"row row-large row-divided\"  id=\"row-325916492\">\n\n\n\t<div id=\"col-816640113\" class=\"col medium-8 large-8\"  >\n\t\t\t\t<div class=\"col-inner\"  >\n\t\t\t\n\t\t\t\n\n<p>Von der Piazza Galimberti biegt man auf die Via Pascal ab, um die Stadt durch das westliche Gebiet des Flussparks Gesso und Stura zu verlassen. Man \u00fcberquert den Fluss Stura \u00fcber die Stegbr\u00fccke Vassallo f\u00fcr Fu\u00dfg\u00e4nger und Radfahrer, die nach der \u00dcberschwemmung im Jahre 2000 erneut aufgebaut wurde. Nach einem kurzen ansteigenden Abschnitt auf der Via Giola durch den Ortsteil Confreria geht es auf wenig befahrenen Nebenstra\u00dfen in der Ebene weiter. Die Radtour, bei der man kaum auf Autos und nur einzelne Traktoren trifft, f\u00fchrt durch weite Felder und Obsthaine vorbei an kleinen Kapellen und Bildst\u00f6cken, die die idyllischen Landschaftseindr\u00fccke vor den Toren Cuneos vervollst\u00e4ndigen. Die Strecke in Richtung Grana-Tal ist angenehm und l\u00e4sst sich gut fahren. Da sie kaum befahren ist, kann man die Augen zwischendurch immer wieder auf dem herrlichen Alpental ruhen lassen, das sich im Laufe der Jahrhunderte kaum ver\u00e4ndert hat. Die weiten und ebenen Felder, durch die die Tour f\u00fchrt, zeichnen sich durch den biologischen Anbau insbesondere von Getreide aus, wobei ein gro\u00dfes Augenmerk den alten Sorten gewidmet wird. Neben der Getreideherstellung ist das Grana-Tal auch f\u00fcr den Anbau von Safran und f\u00fcr die K\u00e4seproduktion bekannt.<\/p>\n\t<div class=\"img has-hover x md-x lg-x y md-y lg-y\" id=\"image_666073186\">\n\t\t<a class=\"image-lightbox lightbox-gallery\" title=\"\" href=\"https:\/\/www.ibikecuneo.com\/wp-content\/uploads\/2022\/07\/img319-1024x610.jpg\">\t\t\t\t\t\t<div class=\"img-inner dark\" >\n\t\t\t<img width=\"1020\" height=\"608\" src=\"https:\/\/www.ibikecuneo.com\/wp-content\/uploads\/2022\/07\/img319-1024x610.jpg\" class=\"attachment-large size-large\" alt=\"\" decoding=\"async\" loading=\"lazy\" srcset=\"https:\/\/www.ibikecuneo.com\/wp-content\/uploads\/2022\/07\/img319-1024x610.jpg 1024w, https:\/\/www.ibikecuneo.com\/wp-content\/uploads\/2022\/07\/img319-300x179.jpg 300w, https:\/\/www.ibikecuneo.com\/wp-content\/uploads\/2022\/07\/img319-768x458.jpg 768w, https:\/\/www.ibikecuneo.com\/wp-content\/uploads\/2022\/07\/img319.jpg 1165w\" sizes=\"(max-width: 1020px) 100vw, 1020px\" \/>\t\t\t\t\t\t\n\t\t\t\t\t<\/div>\n\t\t\t\t\t\t<\/a>\t\t\n<style>\n#image_666073186 {\n  width: 100%;\n}\n<\/style>\n\t<\/div>\n\t\n\n<div class=\"text-center\"><div class=\"is-divider divider clearfix\" style=\"margin-top:1.8em;margin-bottom:1.8em;max-width:68px;\"><\/div><\/div>\n\n<p>Nachdem man Cervasca und Bernezzo durchquert hat, erreicht man den Ortsteil Vallera. Hier kann man sich ein k\u00f6stliches Eis im Caf\u00e8 Gelapajo holen, wo Radfahrer besonders gern gesehene G\u00e4ste sind. Es gibt sogar einen Bereich mit spezieller Ausr\u00fcstung f\u00fcr die Reparatur und einer Ladestation f\u00fcr E-Bikes. In der Ortschaft Valgrana sollten Kunstliebhaber eine Besichtigung des Ospizio della Trinit\u00e0 einplanen. Dieser aus dem 15. Jahrhundert stammende Bau wurde einst als Unterkunft f\u00fcr Pilger errichtet. Auf der Au\u00dfenfassade des kleinen Geb\u00e4udes befindet sich eine Abbildung der Dreifaltigkeit in menschlicher Gestalt, die einst als ketzerisch angesehen wurde. Aus diesem Grund wurden Darstellungen dieser Art von fast allen Sakralbauten entfernt und in Valgrana blieb eines der wenigen Exemplare erhalten. Diese Tatsache ist der liberalen Denkweise der einstigen Markgrafen von Saluzzo zu verdanken, die sich f\u00fcr eine freie Verbreitung von Kunst und Kultur einsetzten. Auch die kleine Kapelle San Bernardo aus dem 15. Jh. ist einen Besuch wert, da sie eine Reihe farbenpr\u00e4chtiger und interessanter Fresken enth\u00e4lt.<\/p>\n\t<div class=\"img has-hover x md-x lg-x y md-y lg-y\" id=\"image_34342562\">\n\t\t<a class=\"image-lightbox lightbox-gallery\" title=\"\" href=\"https:\/\/www.ibikecuneo.com\/wp-content\/uploads\/2022\/07\/img322-1024x530.jpg\">\t\t\t\t\t\t<div class=\"img-inner dark\" >\n\t\t\t<img width=\"1020\" height=\"528\" src=\"https:\/\/www.ibikecuneo.com\/wp-content\/uploads\/2022\/07\/img322-1024x530.jpg\" class=\"attachment-large size-large\" alt=\"\" decoding=\"async\" loading=\"lazy\" srcset=\"https:\/\/www.ibikecuneo.com\/wp-content\/uploads\/2022\/07\/img322-1024x530.jpg 1024w, https:\/\/www.ibikecuneo.com\/wp-content\/uploads\/2022\/07\/img322-300x155.jpg 300w, https:\/\/www.ibikecuneo.com\/wp-content\/uploads\/2022\/07\/img322-768x397.jpg 768w, https:\/\/www.ibikecuneo.com\/wp-content\/uploads\/2022\/07\/img322.jpg 1166w\" sizes=\"(max-width: 1020px) 100vw, 1020px\" \/>\t\t\t\t\t\t\n\t\t\t\t\t<\/div>\n\t\t\t\t\t\t<\/a>\t\t\n<style>\n#image_34342562 {\n  width: 100%;\n}\n<\/style>\n\t<\/div>\n\t\n\n<div class=\"text-center\"><div class=\"is-divider divider clearfix\" style=\"margin-top:1.8em;margin-bottom:1.8em;max-width:68px;\"><\/div><\/div>\n\n<p>. Das zwischen 1676 und 1678 errichtete Geb\u00e4ude wurde einer sorgf\u00e4ltigen Restaurierung unterzogen und ist heute Sitz eines Museums und Ausstellungszentrums. Ein gelungenes Beispiel f\u00fcr die Umwandlung einer Seidenfabrik in eine Kulturfabrik.<\/p>\n<p>Das Filatoio Rosso in Caraglio bietet einen didaktischen Rundgang, bei dem man Wissenswertes \u00fcber den Prozess der Seidenherstellung und seine Entwicklung im Laufe der Geschichte erf\u00e4hrt. Dank der getreuen Nachbildung fr\u00fcherer Maschinen ist es unter anderem m\u00f6glich, eine Reproduktion des traditionellen Doppelzwirns zu bestaunen. Im Filatoio befindet sich auch die \u201ePorta di Valle\u201c, ein Infopoint, an dem man touristische Ausk\u00fcnfte erfragen und regionale Spezialit\u00e4ten erwerben kann.<\/p>\n\t<div class=\"img has-hover x md-x lg-x y md-y lg-y\" id=\"image_1700962398\">\n\t\t<a class=\"image-lightbox lightbox-gallery\" title=\"\" href=\"https:\/\/www.ibikecuneo.com\/wp-content\/uploads\/2022\/07\/img325-1024x601.jpg\">\t\t\t\t\t\t<div class=\"img-inner dark\" >\n\t\t\t<img width=\"1020\" height=\"599\" src=\"https:\/\/www.ibikecuneo.com\/wp-content\/uploads\/2022\/07\/img325-1024x601.jpg\" class=\"attachment-large size-large\" alt=\"\" decoding=\"async\" loading=\"lazy\" srcset=\"https:\/\/www.ibikecuneo.com\/wp-content\/uploads\/2022\/07\/img325-1024x601.jpg 1024w, https:\/\/www.ibikecuneo.com\/wp-content\/uploads\/2022\/07\/img325-300x176.jpg 300w, https:\/\/www.ibikecuneo.com\/wp-content\/uploads\/2022\/07\/img325-768x451.jpg 768w, https:\/\/www.ibikecuneo.com\/wp-content\/uploads\/2022\/07\/img325.jpg 1165w\" sizes=\"(max-width: 1020px) 100vw, 1020px\" \/>\t\t\t\t\t\t\n\t\t\t\t\t<\/div>\n\t\t\t\t\t\t<\/a>\t\t\n<style>\n#image_1700962398 {\n  width: 100%;\n}\n<\/style>\n\t<\/div>\n\t\n\n\n\t\t<\/div>\n\t\t\t\t\t<\/div>\n\n\t\n\n\t<div id=\"col-269321177\" class=\"col medium-4 large-4\"  >\n\t\t\t\t<div class=\"col-inner\"  >\n\t\t\t\n\t\t\t\n\n<div class=\"row row-collapse row-full-width\"  id=\"row-964523187\">\n\n\n\t<div id=\"col-297013209\" class=\"col small-12 large-12\"  >\n\t\t\t\t<div class=\"col-inner\"  >\n\t\t\t\n\t\t\t\n\n\t<div id=\"text-2038045684\" class=\"text\">\n\t\t\n\n<h4>Eine Radtour im Zeichen von Kunst und Natur: Cuneo, Grana-Tal und Maira-Tal<\/h4>\n<h5>Segmenti<\/h5>\n\n\t\t\n<style>\n#text-2038045684 {\n  line-height: 1.2;\n}\n<\/style>\n\t<\/div>\n\t\n\t<div class=\"ux-menu stack stack-col justify-start ux-menu--divider-solid\">\n\t\t\n\n\t<div class=\"ux-menu-link flex menu-item\">\n\t\t<a class=\"ux-menu-link__link flex\" href=\"https:\/\/www.ibikecuneo.com\/percorsi\/pedalare-tra-arte-e-natura-cuneo-valle-grana-e-valle-maira\/da-cuneo-alla-valle-grana\/\"  >\n\t\t\t\t\t\t<span class=\"ux-menu-link__text\">\n\t\t\t\tVon Cuneo ins Grana-Tal\t\t\t<\/span>\n\t\t<\/a>\n\t<\/div>\n\t\n\n\t<div class=\"ux-menu-link flex menu-item\">\n\t\t<a class=\"ux-menu-link__link flex\" href=\"https:\/\/www.ibikecuneo.com\/percorsi\/pedalare-tra-arte-e-natura-cuneo-valle-grana-e-valle-maira\/dronero-e-la-valle-maira\/\"  >\n\t\t\t\t\t\t<span class=\"ux-menu-link__text\">\n\t\t\t\tDronero und Maira-Tal\t\t\t<\/span>\n\t\t<\/a>\n\t<\/div>\n\t\n\n\t<div class=\"ux-menu-link flex menu-item\">\n\t\t<a class=\"ux-menu-link__link flex\" href=\"https:\/\/www.ibikecuneo.com\/percorsi\/pedalare-tra-arte-e-natura-cuneo-valle-grana-e-valle-maira\/la-riserva-naturale-ciciu-del-villar\/\"  >\n\t\t\t\t\t\t<span class=\"ux-menu-link__text\">\n\t\t\t\tNaturschutzgebiet Ciciu del Villar\t\t\t<\/span>\n\t\t<\/a>\n\t<\/div>\n\t\n\n\n\t<\/div>\n\t\n<div class=\"text-center\"><div class=\"is-divider divider clearfix\" style=\"background-color:rgb(0, 162, 157);\"><\/div><\/div>\n\n\t<div id=\"text-1043810945\" class=\"text\">\n\t\t\n\n<h4>Andere Routen<\/h4>\n\t\t\n<style>\n#text-1043810945 {\n  line-height: 1.2;\n}\n<\/style>\n\t<\/div>\n\t\n\t<div class=\"ux-menu stack stack-col justify-start ux-menu--divider-solid\">\n\t\t\n\n\t<div class=\"ux-menu-link flex menu-item\">\n\t\t<a class=\"ux-menu-link__link flex\" href=\"https:\/\/www.ibikecuneo.com\/percorsi\/alla-scoperta-di-cuneo-e-del-parco-fluviale-gesso-e-stura\/\"  >\n\t\t\t\t\t\t<span class=\"ux-menu-link__text\">\n\t\t\t\tCuneo und der Flusspark Gesso und Stura\t\t\t<\/span>\n\t\t<\/a>\n\t<\/div>\n\t\n\n\t<div class=\"ux-menu-link flex menu-item\">\n\t\t<a class=\"ux-menu-link__link flex\" href=\"https:\/\/www.ibikecuneo.com\/percorsi\/da-cuneo-alle-terme-di-valdieri-pedalare-tra-natura-e-benessere\/\"  >\n\t\t\t\t\t\t<span class=\"ux-menu-link__text\">\n\t\t\t\tVon Cuneo zu den Thermen von Valdieri, eine Radtour zwischen Natur und Wellness\t\t\t<\/span>\n\t\t<\/a>\n\t<\/div>\n\t\n\n\t<div class=\"ux-menu-link flex menu-item\">\n\t\t<a class=\"ux-menu-link__link flex\" href=\"https:\/\/www.ibikecuneo.com\/percorsi\/in-bicicletta-tra-cuneo-mondovi-vicoforte-e-chiusa-di-pesio\/\"  >\n\t\t\t\t\t\t<span class=\"ux-menu-link__text\">\n\t\t\t\tEine Radtour von Cuneo nach Mondov\u00ec, Vicoforte und Chiusa di Pesio\t\t\t<\/span>\n\t\t<\/a>\n\t<\/div>\n\t\n\n\t<div class=\"ux-menu-link flex menu-item\">\n\t\t<a class=\"ux-menu-link__link flex\" href=\"https:\/\/www.ibikecuneo.com\"  >\n\t\t\t\t\t\t<span class=\"ux-menu-link__text\">\n\t\t\t\tPercorso 5\t\t\t<\/span>\n\t\t<\/a>\n\t<\/div>\n\t\n\n\n\t<\/div>\n\t\n\n\t\t<\/div>\n\t\t\t\t\t<\/div>\n\n\t\n\n<\/div>\n\n\n\n\n\t\t<\/div>\n\t\t\t\t\t<\/div>\n\n\t\n\n<\/div>\n\n\t\t<\/div>\n\n\t\t\n<style>\n#section_1458415730 {\n  padding-top: 30px;\n  padding-bottom: 30px;\n}\n#section_1458415730 .ux-shape-divider--top svg {\n  height: 150px;\n  --divider-top-width: 100%;\n}\n#section_1458415730 .ux-shape-divider--bottom svg {\n  height: 150px;\n  --divider-width: 100%;\n}\n<\/style>\n\t<\/section>\n\t\n\n","protected":false},"excerpt":{"rendered":"","protected":false},"author":1,"featured_media":465,"parent":1007,"menu_order":1,"comment_status":"closed","ping_status":"closed","template":"","meta":[],"_links":{"self":[{"href":"https:\/\/www.ibikecuneo.com\/de\/wp-json\/wp\/v2\/pages\/1011"}],"collection":[{"href":"https:\/\/www.ibikecuneo.com\/de\/wp-json\/wp\/v2\/pages"}],"about":[{"href":"https:\/\/www.ibikecuneo.com\/de\/wp-json\/wp\/v2\/types\/page"}],"author":[{"embeddable":true,"href":"https:\/\/www.ibikecuneo.com\/de\/wp-json\/wp\/v2\/users\/1"}],"replies":[{"embeddable":true,"href":"https:\/\/www.ibikecuneo.com\/de\/wp-json\/wp\/v2\/comments?post=1011"}],"version-history":[{"count":4,"href":"https:\/\/www.ibikecuneo.com\/de\/wp-json\/wp\/v2\/pages\/1011\/revisions"}],"predecessor-version":[{"id":1545,"href":"https:\/\/www.ibikecuneo.com\/de\/wp-json\/wp\/v2\/pages\/1011\/revisions\/1545"}],"up":[{"embeddable":true,"href":"https:\/\/www.ibikecuneo.com\/de\/wp-json\/wp\/v2\/pages\/1007"}],"wp:featuredmedia":[{"embeddable":true,"href":"https:\/\/www.ibikecuneo.com\/de\/wp-json\/wp\/v2\/media\/465"}],"wp:attachment":[{"href":"https:\/\/www.ibikecuneo.com\/de\/wp-json\/wp\/v2\/media?parent=1011"}],"curies":[{"name":"wp","href":"https:\/\/api.w.org\/{rel}","templated":true}]}}