{"id":1038,"date":"2022-06-17T13:55:51","date_gmt":"2022-06-17T13:55:51","guid":{"rendered":"https:\/\/www.ibikecuneo.com\/von-cuneo-zu-den-thermen-von-valdieri-eine-radtour-zwischen-natur-und-wellness\/entracque-ein-traditionsreicher-ferienort\/"},"modified":"2022-10-05T12:48:01","modified_gmt":"2022-10-05T12:48:01","slug":"entracque-ein-traditionsreicher-ferienort","status":"publish","type":"page","link":"https:\/\/www.ibikecuneo.com\/de\/routen\/von-cuneo-zu-den-thermen-von-valdieri-eine-radtour-zwischen-natur-und-wellness\/entracque-ein-traditionsreicher-ferienort\/","title":{"rendered":"Entracque, ein traditionsreicher Ferienort"},"content":{"rendered":"\n  <div id=\"page-header-1699572849\" class=\"page-header-wrapper\">\n  <div class=\"page-title dark featured-title\">\n\n        <div class=\"page-title-bg\">\n      <div class=\"title-bg fill bg-fill\"\n        data-parallax-container=\".page-title\"\n        data-parallax-background\n        data-parallax=\"-\">\n      <\/div>\n      <div class=\"title-overlay fill\"><\/div>\n    <\/div>\n    \n    <div class=\"page-title-inner container align-center flex-row medium-flex-wrap\" >\n              <div class=\"title-wrapper flex-col text-left medium-text-center\">\n          <h1 class=\"entry-title mb-0\">\n            Entracque, ein traditionsreicher Ferienort          <\/h1>\n        <\/div>\n                    <div class=\"title-content flex-col flex-right text-right medium-text-center\">\n        <div class=\"title-breadcrumbs pb-half pt-half\"><\/div>      <\/div>\n    <\/div>\n\n     \n<style>\n#page-header-1699572849 .page-title-inner {\n  min-height: 160px;\n}\n#page-header-1699572849 .title-bg {\n  background-image: url(https:\/\/www.ibikecuneo.com\/wp-content\/uploads\/2022\/10\/ENTRACQUE-DAL-DRONE-a.-rIVELLI.jpg);\n}\n#page-header-1699572849 .title-overlay {\n  background-color: rgba(0,0,0,.5);\n}\n<\/style>\n  <\/div>\n    <\/div>\n  \n\n\t<section class=\"section\" id=\"section_1901098070\">\n\t\t<div class=\"bg section-bg fill bg-fill  bg-loaded\" >\n\n\t\t\t\n\t\t\t\n\t\t\t\n\n\t\t<\/div>\n\n\t\t\n\n\t\t<div class=\"section-content relative\">\n\t\t\t\n\n<div class=\"row row-large row-divided\"  id=\"row-584929997\">\n\n\n\t<div id=\"col-74000207\" class=\"col medium-8 large-8\"  >\n\t\t\t\t<div class=\"col-inner\"  >\n\t\t\t\n\t\t\t\n\n<p>Von Valdieri aus machen wir einen wohlverdienten Abstecher in Richtung Entracque, ein typisches Bergdorf, das seit dem 19. Jahrhundert bekannt ist, da die Gegend vom K\u00f6nigshaus Savoyen als k\u00f6nigliches Jagdrevier ausgew\u00e4hlt wurde, und das sich in j\u00fcngerer Zeit dem Tourismus von Bergfreunden im Sommer wie im Winter verschrieben hat.<\/p>\n<p>Wer sich f\u00fcr Wasserkraft interessiert, kann in Entracque das Informationszentrum \u201eLuigi Einaudi\u201c besuchen, in dem man allerlei Wissenswertes \u00fcber das komplexe Schleusensystem im Gesso-Tal erfahren kann, mit dem das aus dem Gebirge kommende Wasser in drei hochgelegenen Stauseen gesammelt wird. Das Wasserkraftwerk von Entracque ist das gr\u00f6\u00dfte seiner Art in Italien und geh\u00f6rt zu den bedeutendsten in ganz Europa.<\/p>\n\t<div class=\"img has-hover x md-x lg-x y md-y lg-y\" id=\"image_366012702\">\n\t\t\t\t\t\t\t\t<div class=\"img-inner dark\" >\n\t\t\t<img width=\"1020\" height=\"765\" src=\"https:\/\/www.ibikecuneo.com\/wp-content\/uploads\/2022\/10\/ENTRACQUE-DAL-DRONE-a.-rIVELLI-1024x768.jpg\" class=\"attachment-large size-large\" alt=\"\" decoding=\"async\" loading=\"lazy\" srcset=\"https:\/\/www.ibikecuneo.com\/wp-content\/uploads\/2022\/10\/ENTRACQUE-DAL-DRONE-a.-rIVELLI-1024x768.jpg 1024w, https:\/\/www.ibikecuneo.com\/wp-content\/uploads\/2022\/10\/ENTRACQUE-DAL-DRONE-a.-rIVELLI-300x225.jpg 300w, https:\/\/www.ibikecuneo.com\/wp-content\/uploads\/2022\/10\/ENTRACQUE-DAL-DRONE-a.-rIVELLI-768x576.jpg 768w, https:\/\/www.ibikecuneo.com\/wp-content\/uploads\/2022\/10\/ENTRACQUE-DAL-DRONE-a.-rIVELLI-1536x1152.jpg 1536w, https:\/\/www.ibikecuneo.com\/wp-content\/uploads\/2022\/10\/ENTRACQUE-DAL-DRONE-a.-rIVELLI.jpg 2000w\" sizes=\"(max-width: 1020px) 100vw, 1020px\" \/>\t\t\t\t\t\t\n\t\t\t\t\t<\/div>\n\t\t\t\t\t\t\t\t\n<style>\n#image_366012702 {\n  width: 100%;\n}\n<\/style>\n\t<\/div>\n\t\n\n\t<div class=\"img has-hover x md-x lg-x y md-y lg-y\" id=\"image_1666212442\">\n\t\t\t\t\t\t\t\t<div class=\"img-inner dark\" >\n\t\t\t<img width=\"1020\" height=\"729\" src=\"https:\/\/www.ibikecuneo.com\/wp-content\/uploads\/2022\/10\/2-ENTRACQUE-CENTRO-INFORMAZIONI-ENEL-GREEN-POWER-G.-BERNARDI-1024x732.jpg\" class=\"attachment-large size-large\" alt=\"\" decoding=\"async\" loading=\"lazy\" srcset=\"https:\/\/www.ibikecuneo.com\/wp-content\/uploads\/2022\/10\/2-ENTRACQUE-CENTRO-INFORMAZIONI-ENEL-GREEN-POWER-G.-BERNARDI-1024x732.jpg 1024w, https:\/\/www.ibikecuneo.com\/wp-content\/uploads\/2022\/10\/2-ENTRACQUE-CENTRO-INFORMAZIONI-ENEL-GREEN-POWER-G.-BERNARDI-300x214.jpg 300w, https:\/\/www.ibikecuneo.com\/wp-content\/uploads\/2022\/10\/2-ENTRACQUE-CENTRO-INFORMAZIONI-ENEL-GREEN-POWER-G.-BERNARDI-768x549.jpg 768w, https:\/\/www.ibikecuneo.com\/wp-content\/uploads\/2022\/10\/2-ENTRACQUE-CENTRO-INFORMAZIONI-ENEL-GREEN-POWER-G.-BERNARDI-1536x1098.jpg 1536w, https:\/\/www.ibikecuneo.com\/wp-content\/uploads\/2022\/10\/2-ENTRACQUE-CENTRO-INFORMAZIONI-ENEL-GREEN-POWER-G.-BERNARDI-2048x1464.jpg 2048w\" sizes=\"(max-width: 1020px) 100vw, 1020px\" \/>\t\t\t\t\t\t\n\t\t\t\t\t<\/div>\n\t\t\t\t\t\t\t\t\n<style>\n#image_1666212442 {\n  width: 100%;\n}\n<\/style>\n\t<\/div>\n\t\n\n\t<div class=\"img has-hover x md-x lg-x y md-y lg-y\" id=\"image_135237505\">\n\t\t\t\t\t\t\t\t<div class=\"img-inner dark\" >\n\t\t\t<img width=\"1020\" height=\"732\" src=\"https:\/\/www.ibikecuneo.com\/wp-content\/uploads\/2022\/10\/ENTRACQUE-CENTRO-INFORMAZIONI-ENEL-GREEN-POWER-G.-BERNARDI-1024x735.jpg\" class=\"attachment-large size-large\" alt=\"\" decoding=\"async\" loading=\"lazy\" srcset=\"https:\/\/www.ibikecuneo.com\/wp-content\/uploads\/2022\/10\/ENTRACQUE-CENTRO-INFORMAZIONI-ENEL-GREEN-POWER-G.-BERNARDI-1024x735.jpg 1024w, https:\/\/www.ibikecuneo.com\/wp-content\/uploads\/2022\/10\/ENTRACQUE-CENTRO-INFORMAZIONI-ENEL-GREEN-POWER-G.-BERNARDI-300x215.jpg 300w, https:\/\/www.ibikecuneo.com\/wp-content\/uploads\/2022\/10\/ENTRACQUE-CENTRO-INFORMAZIONI-ENEL-GREEN-POWER-G.-BERNARDI-768x551.jpg 768w, https:\/\/www.ibikecuneo.com\/wp-content\/uploads\/2022\/10\/ENTRACQUE-CENTRO-INFORMAZIONI-ENEL-GREEN-POWER-G.-BERNARDI-1536x1102.jpg 1536w, https:\/\/www.ibikecuneo.com\/wp-content\/uploads\/2022\/10\/ENTRACQUE-CENTRO-INFORMAZIONI-ENEL-GREEN-POWER-G.-BERNARDI-2048x1469.jpg 2048w\" sizes=\"(max-width: 1020px) 100vw, 1020px\" \/>\t\t\t\t\t\t\n\t\t\t\t\t<\/div>\n\t\t\t\t\t\t\t\t\n<style>\n#image_135237505 {\n  width: 100%;\n}\n<\/style>\n\t<\/div>\n\t\n\n\n\t\t<\/div>\n\t\t\t\t\t<\/div>\n\n\t\n\n\t<div id=\"col-243685311\" class=\"col medium-4 large-4\"  >\n\t\t\t\t<div class=\"col-inner\"  >\n\t\t\t\n\t\t\t\n\n<div class=\"row row-collapse row-full-width\"  id=\"row-1088543015\">\n\n\n\t<div id=\"col-849350442\" class=\"col small-12 large-12\"  >\n\t\t\t\t<div class=\"col-inner\"  >\n\t\t\t\n\t\t\t\n\n\t<div id=\"text-4237248384\" class=\"text\">\n\t\t\n\n<h4>Von Cuneo zu den Thermen von Valdieri, eine Radtour zwischen Natur und Wellness<\/h4>\n<h5>Segmente<\/h5>\n\t\t\n<style>\n#text-4237248384 {\n  line-height: 1.2;\n}\n<\/style>\n\t<\/div>\n\t\n\t<div class=\"ux-menu stack stack-col justify-start ux-menu--divider-solid\">\n\t\t\n\n\t<div class=\"ux-menu-link flex menu-item\">\n\t\t<a class=\"ux-menu-link__link flex\" href=\"https:\/\/www.ibikecuneo.com\/percorsi\/da-cuneo-alle-terme-di-valdieri-pedalare-tra-natura-e-benessere\/da-cuneo-alla-valle-stura\/\"  >\n\t\t\t\t\t\t<span class=\"ux-menu-link__text\">\n\t\t\t\tVon Cuneo ins Stura-Tal\t\t\t<\/span>\n\t\t<\/a>\n\t<\/div>\n\t\n\n\t<div class=\"ux-menu-link flex menu-item\">\n\t\t<a class=\"ux-menu-link__link flex\" href=\"https:\/\/www.ibikecuneo.com\/percorsi\/da-cuneo-alle-terme-di-valdieri-pedalare-tra-natura-e-benessere\/gaiola-e-il-rafting\/\"  >\n\t\t\t\t\t\t<span class=\"ux-menu-link__text\">\n\t\t\t\tRafting in Gaiola\t\t\t<\/span>\n\t\t<\/a>\n\t<\/div>\n\t\n\n\t<div class=\"ux-menu-link flex menu-item\">\n\t\t<a class=\"ux-menu-link__link flex\" href=\"https:\/\/www.ibikecuneo.com\/percorsi\/da-cuneo-alle-terme-di-valdieri-pedalare-tra-natura-e-benessere\/entracque-borgo-di-villeggiatura\/\"  >\n\t\t\t\t\t\t<span class=\"ux-menu-link__text\">\n\t\t\t\tEntracque, ein traditionsreicher Ferienort\t\t\t<\/span>\n\t\t<\/a>\n\t<\/div>\n\t\n\n\t<div class=\"ux-menu-link flex menu-item\">\n\t\t<a class=\"ux-menu-link__link flex\" href=\"https:\/\/www.ibikecuneo.com\/percorsi\/da-cuneo-alle-terme-di-valdieri-pedalare-tra-natura-e-benessere\/centro-faunistico-uomini-e-lupi\/\"  >\n\t\t\t\t\t\t<span class=\"ux-menu-link__text\">\n\t\t\t\tWildpark Uomini e Lupi (Mensch und Wolf)\t\t\t<\/span>\n\t\t<\/a>\n\t<\/div>\n\t\n\n\t<div class=\"ux-menu-link flex menu-item\">\n\t\t<a class=\"ux-menu-link__link flex\" href=\"https:\/\/www.ibikecuneo.com\/percorsi\/da-cuneo-alle-terme-di-valdieri-pedalare-tra-natura-e-benessere\/le-terme-reali-di-valdieri\/\"  >\n\t\t\t\t\t\t<span class=\"ux-menu-link__text\">\n\t\t\t\tDie k\u00f6niglichen Thermen von Valdieri\t\t\t<\/span>\n\t\t<\/a>\n\t<\/div>\n\t\n\n\t<div class=\"ux-menu-link flex menu-item\">\n\t\t<a class=\"ux-menu-link__link flex\" href=\"https:\/\/www.ibikecuneo.com\/percorsi\/da-cuneo-alle-terme-di-valdieri-pedalare-tra-natura-e-benessere\/rientro-a-cuneo\/\"  >\n\t\t\t\t\t\t<span class=\"ux-menu-link__text\">\n\t\t\t\tR\u00fcckfahrt nach Cuneo\t\t\t<\/span>\n\t\t<\/a>\n\t<\/div>\n\t\n\n\n\t<\/div>\n\t\n<div class=\"text-center\"><div class=\"is-divider divider clearfix\" style=\"background-color:rgb(0, 162, 157);\"><\/div><\/div>\n\n\t<div id=\"text-3030404196\" class=\"text\">\n\t\t\n\n<h4>Andere Routen<\/h4>\n\t\t\n<style>\n#text-3030404196 {\n  line-height: 1.2;\n}\n<\/style>\n\t<\/div>\n\t\n\t<div class=\"ux-menu stack stack-col justify-start ux-menu--divider-solid\">\n\t\t\n\n\t<div class=\"ux-menu-link flex menu-item\">\n\t\t<a class=\"ux-menu-link__link flex\" href=\"https:\/\/www.ibikecuneo.com\/percorsi\/alla-scoperta-di-cuneo-e-del-parco-fluviale-gesso-e-stura\/\"  >\n\t\t\t\t\t\t<span class=\"ux-menu-link__text\">\n\t\t\t\tCuneo und der Flusspark Gesso und Stura\t\t\t<\/span>\n\t\t<\/a>\n\t<\/div>\n\t\n\n\t<div class=\"ux-menu-link flex menu-item\">\n\t\t<a class=\"ux-menu-link__link flex\" href=\"https:\/\/www.ibikecuneo.com\/percorsi\/pedalare-tra-arte-e-natura-cuneo-valle-grana-e-valle-maira\/\"  >\n\t\t\t\t\t\t<span class=\"ux-menu-link__text\">\n\t\t\t\tEine Radtour im Zeichen von Kunst und Natur: Cuneo, Grana-Tal und Maira-Tal\t\t\t<\/span>\n\t\t<\/a>\n\t<\/div>\n\t\n\n\t<div class=\"ux-menu-link flex menu-item\">\n\t\t<a class=\"ux-menu-link__link flex\" href=\"https:\/\/www.ibikecuneo.com\/percorsi\/in-bicicletta-tra-cuneo-mondovi-vicoforte-e-chiusa-di-pesio\/\"  >\n\t\t\t\t\t\t<span class=\"ux-menu-link__text\">\n\t\t\t\tEine Radtour von Cuneo nach Mondov\u00ec, Vicoforte und Chiusa di Pesio\t\t\t<\/span>\n\t\t<\/a>\n\t<\/div>\n\t\n\n\t<div class=\"ux-menu-link flex menu-item\">\n\t\t<a class=\"ux-menu-link__link flex\" href=\"https:\/\/www.ibikecuneo.com\"  >\n\t\t\t\t\t\t<span class=\"ux-menu-link__text\">\n\t\t\t\tPercorso 5\t\t\t<\/span>\n\t\t<\/a>\n\t<\/div>\n\t\n\n\n\t<\/div>\n\t\n\n\t\t<\/div>\n\t\t\t\t\t<\/div>\n\n\t\n\n<\/div>\n\n\n\n\n\t\t<\/div>\n\t\t\t\t\t<\/div>\n\n\t\n\n<\/div>\n\n\t\t<\/div>\n\n\t\t\n<style>\n#section_1901098070 {\n  padding-top: 30px;\n  padding-bottom: 30px;\n}\n#section_1901098070 .ux-shape-divider--top svg {\n  height: 150px;\n  --divider-top-width: 100%;\n}\n#section_1901098070 .ux-shape-divider--bottom svg {\n  height: 150px;\n  --divider-width: 100%;\n}\n<\/style>\n\t<\/section>\n\t\n\n","protected":false},"excerpt":{"rendered":"","protected":false},"author":1,"featured_media":1752,"parent":1032,"menu_order":3,"comment_status":"closed","ping_status":"closed","template":"","meta":[],"_links":{"self":[{"href":"https:\/\/www.ibikecuneo.com\/de\/wp-json\/wp\/v2\/pages\/1038"}],"collection":[{"href":"https:\/\/www.ibikecuneo.com\/de\/wp-json\/wp\/v2\/pages"}],"about":[{"href":"https:\/\/www.ibikecuneo.com\/de\/wp-json\/wp\/v2\/types\/page"}],"author":[{"embeddable":true,"href":"https:\/\/www.ibikecuneo.com\/de\/wp-json\/wp\/v2\/users\/1"}],"replies":[{"embeddable":true,"href":"https:\/\/www.ibikecuneo.com\/de\/wp-json\/wp\/v2\/comments?post=1038"}],"version-history":[{"count":2,"href":"https:\/\/www.ibikecuneo.com\/de\/wp-json\/wp\/v2\/pages\/1038\/revisions"}],"predecessor-version":[{"id":1756,"href":"https:\/\/www.ibikecuneo.com\/de\/wp-json\/wp\/v2\/pages\/1038\/revisions\/1756"}],"up":[{"embeddable":true,"href":"https:\/\/www.ibikecuneo.com\/de\/wp-json\/wp\/v2\/pages\/1032"}],"wp:featuredmedia":[{"embeddable":true,"href":"https:\/\/www.ibikecuneo.com\/de\/wp-json\/wp\/v2\/media\/1752"}],"wp:attachment":[{"href":"https:\/\/www.ibikecuneo.com\/de\/wp-json\/wp\/v2\/media?parent=1038"}],"curies":[{"name":"wp","href":"https:\/\/api.w.org\/{rel}","templated":true}]}}