{"id":1219,"date":"2022-07-08T13:28:07","date_gmt":"2022-07-08T13:28:07","guid":{"rendered":"https:\/\/www.ibikecuneo.com\/so-erreichen-sie-cuneo\/"},"modified":"2022-08-29T08:15:47","modified_gmt":"2022-08-29T08:15:47","slug":"so-erreichen-sie-cuneo","status":"publish","type":"page","link":"https:\/\/www.ibikecuneo.com\/de\/so-erreichen-sie-cuneo\/","title":{"rendered":"So erreichen Sie Cuneo"},"content":{"rendered":"\n  <div id=\"page-header-560096440\" class=\"page-header-wrapper\">\n  <div class=\"page-title dark featured-title\">\n\n    \n    <div class=\"page-title-inner container align-center flex-row medium-flex-wrap\" >\n              <div class=\"title-wrapper flex-col text-left medium-text-center\">\n          <h1 class=\"entry-title mb-0\">\n            So erreichen Sie Cuneo          <\/h1>\n        <\/div>\n                    <div class=\"title-content flex-col flex-right text-right medium-text-center\">\n        <div class=\"title-breadcrumbs pb-half pt-half\"><\/div>      <\/div>\n    <\/div>\n\n     \n<style>\n#page-header-560096440 .page-title-inner {\n  min-height: 160px;\n}\n<\/style>\n  <\/div>\n    <\/div>\n  \n\n\t<section class=\"section\" id=\"section_2098464391\">\n\t\t<div class=\"bg section-bg fill bg-fill  bg-loaded\" >\n\n\t\t\t\n\t\t\t\n\t\t\t\n\n\t\t<\/div>\n\n\t\t\n\n\t\t<div class=\"section-content relative\">\n\t\t\t\n\n<div class=\"row\"  id=\"row-1161294361\">\n\n\n\t<div id=\"col-1616939796\" class=\"col small-12 large-12\"  >\n\t\t\t\t<div class=\"col-inner\"  >\n\t\t\t\n\t\t\t\n\n\n\t\t<div class=\"icon-box featured-box icon-box-left text-left\"  >\n\t\t\t\t\t<div class=\"icon-box-img\" style=\"width: 60px\">\n\t\t\t\t<div class=\"icon\">\n\t\t\t\t\t<div class=\"icon-inner\" >\n\t\t\t\t\t\t<img width=\"64\" height=\"64\" src=\"https:\/\/www.ibikecuneo.com\/wp-content\/uploads\/2022\/07\/icons8-train-64.png\" class=\"attachment-medium size-medium\" alt=\"\" decoding=\"async\" loading=\"lazy\" \/>\t\t\t\t\t<\/div>\n\t\t\t\t<\/div>\n\t\t\t<\/div>\n\t\t\t\t<div class=\"icon-box-text last-reset\">\n\t\t\t<h5 class=\"uppercase\">Mit Der Bahn<\/h5>\t\t\t\t\t\t\n\n<p>Die wichtigsten Bahnh\u00f6fe der Provinz sind Cuneo, Fossano, Savigliano, Mondov\u00ec und Borgo San Dalmazzo. <br>Trenitalia Tel. Call Center FS 892021 | <a href=\"http:\/\/www.trenitalia.it\" target=\"_blank\" rel=\"noopener\">www.trenitalia.it<\/a> <br>F\u00fcr genauere Informationen siehe im Bereich Trasporti Locali (Nahverkehr) den Abschnitt Modalit\u00e0 di trasporto bici sul treno Trenitalia (Fahrradtransport in den Z\u00fcgen von Trenitalia)<\/p>\n\n\t\t<\/div>\n\t<\/div>\n\t\n\t\n\n\t\t<\/div>\n\t\t\t\t\n<style>\n#col-1616939796 > .col-inner {\n  margin: 0px 0px 10px 0px;\n}\n<\/style>\n\t<\/div>\n\n\t\n\n\t<div id=\"col-1915627211\" class=\"col small-12 large-12\"  >\n\t\t\t\t<div class=\"col-inner\"  >\n\t\t\t\n\t\t\t\n\n\n\t\t<div class=\"icon-box featured-box icon-box-left text-left\"  >\n\t\t\t\t\t<div class=\"icon-box-img\" style=\"width: 60px\">\n\t\t\t\t<div class=\"icon\">\n\t\t\t\t\t<div class=\"icon-inner\" >\n\t\t\t\t\t\t<img width=\"64\" height=\"64\" src=\"https:\/\/www.ibikecuneo.com\/wp-content\/uploads\/2022\/07\/icons8-car-64.png\" class=\"attachment-medium size-medium\" alt=\"\" decoding=\"async\" loading=\"lazy\" \/>\t\t\t\t\t<\/div>\n\t\t\t\t<\/div>\n\t\t\t<\/div>\n\t\t\t\t<div class=\"icon-box-text last-reset\">\n\t\t\t<h5 class=\"uppercase\">Mit Dem Auto<\/h5>\t\t\t\t\t\t\n\n<p>A21 Turin-Piacenza: an der Ausfahrt \u201eAsti Est\u201c abfahren und auf der A33 Asti-Cuneo weiterfahren bis zur Ausfahrt Sant\u2019Albano Stura <br>A6 Turin- Savona: auf die A33 Asti Cuneo fahren und die Ausfahrt Sant\u2019Albano Stura nehmen<\/p>\n\n\t\t<\/div>\n\t<\/div>\n\t\n\t\n\n\t\t<\/div>\n\t\t\t\t\n<style>\n#col-1915627211 > .col-inner {\n  padding: 0px 0px 10px 0px;\n}\n<\/style>\n\t<\/div>\n\n\t\n\n\t<div id=\"col-1438081562\" class=\"col small-12 large-12\"  >\n\t\t\t\t<div class=\"col-inner\"  >\n\t\t\t\n\t\t\t\n\n\n\t\t<div class=\"icon-box featured-box icon-box-left text-left\"  >\n\t\t\t\t\t<div class=\"icon-box-img\" style=\"width: 60px\">\n\t\t\t\t<div class=\"icon\">\n\t\t\t\t\t<div class=\"icon-inner\" >\n\t\t\t\t\t\t<img width=\"64\" height=\"64\" src=\"https:\/\/www.ibikecuneo.com\/wp-content\/uploads\/2022\/07\/icons8-airplane-64.png\" class=\"attachment-medium size-medium\" alt=\"\" decoding=\"async\" loading=\"lazy\" \/>\t\t\t\t\t<\/div>\n\t\t\t\t<\/div>\n\t\t\t<\/div>\n\t\t\t\t<div class=\"icon-box-text last-reset\">\n\t\t\t<h5 class=\"uppercase\">Mit dem Flugzeug<\/h5>\t\t\t\t\t\t\n\n<p>Flughafen Cuneo Levaldigi S.p.A. Internationaler Flughafen Turin Caselle<\/p>\n\n\t\t<\/div>\n\t<\/div>\n\t\n\t\n\n\t\t<\/div>\n\t\t\t\t\n<style>\n#col-1438081562 > .col-inner {\n  padding: 0px 0px 10px 0px;\n}\n<\/style>\n\t<\/div>\n\n\t\n\n\t<div id=\"col-1074544874\" class=\"col small-12 large-12\"  >\n\t\t\t\t<div class=\"col-inner\"  >\n\t\t\t\n\t\t\t\n\n\n\t\t<div class=\"icon-box featured-box icon-box-left text-left\"  >\n\t\t\t\t\t<div class=\"icon-box-img\" style=\"width: 60px\">\n\t\t\t\t<div class=\"icon\">\n\t\t\t\t\t<div class=\"icon-inner\" >\n\t\t\t\t\t\t<img width=\"64\" height=\"64\" src=\"https:\/\/www.ibikecuneo.com\/wp-content\/uploads\/2022\/07\/icons8-bus-64.png\" class=\"attachment-medium size-medium\" alt=\"\" decoding=\"async\" loading=\"lazy\" \/>\t\t\t\t\t<\/div>\n\t\t\t\t<\/div>\n\t\t\t<\/div>\n\t\t\t\t<div class=\"icon-box-text last-reset\">\n\t\t\t<h5 class=\"uppercase\">Busse und st\u00e4dtischer Verkehrsmittel<\/h5>\t\t\t\t\t\t\n\n<p>Regionalbusse, Verkehrsverbund Alba, Bra, Stadtverkehr Saluzzo, Mondov\u00ec (Standseilbahn und Bus), Fossano und Savigliano <br>Betriebsb\u00fcro: Via Circonvallazione, 19 12037 \u2013 Saluzzo (CN)<br>Geb\u00fchrenfreie Rufnummer: 800.111.773<br>Telefon: 0175 \u2013 47.88.11 <br>Email: <a href=\"mailto:consorzio@grandabus.it\">consorzio@grandabus.it <\/a> <\/p>\n<p>Stadtverkehr und Verkehrsverbund Cuneo <br>Betriebsb\u00fcro: Discesa Bellavista, 11 12100 \u2013 Cuneo (CN)<br>Geb\u00fchrenfreie Rufnummer: 800.338.171<br>Telefon: 0171 \u2013 488544<br>Email: <a href=\"mailto:info@grandabus.it\">info@grandabus.it <\/a> <\/p>\n<p>Stadtverkehr und Verkehrsverbund Cuneo <br>Betriebsb\u00fcro: Via Carlo Pascal, 7 (Ex Piazza Foro Boario) \u2013 12100 Cuneo <br>Telefon: 0171\u201330.16.17 <br>Email: <a href=\"mailto:biglietteria.cuneo@grandabus.it\">biglietteria.cuneo@grandabus.it<\/a><\/p>\n\n\t\t<\/div>\n\t<\/div>\n\t\n\t\n\n\t\t<\/div>\n\t\t\t\t\t<\/div>\n\n\t\n\n<\/div>\n\n\t\t<\/div>\n\n\t\t\n<style>\n#section_2098464391 {\n  padding-top: 30px;\n  padding-bottom: 30px;\n}\n#section_2098464391 .ux-shape-divider--top svg {\n  height: 150px;\n  --divider-top-width: 100%;\n}\n#section_2098464391 .ux-shape-divider--bottom svg {\n  height: 150px;\n  --divider-width: 100%;\n}\n<\/style>\n\t<\/section>\n\t\n\n","protected":false},"excerpt":{"rendered":"","protected":false},"author":1,"featured_media":0,"parent":0,"menu_order":8,"comment_status":"closed","ping_status":"closed","template":"","meta":[],"_links":{"self":[{"href":"https:\/\/www.ibikecuneo.com\/de\/wp-json\/wp\/v2\/pages\/1219"}],"collection":[{"href":"https:\/\/www.ibikecuneo.com\/de\/wp-json\/wp\/v2\/pages"}],"about":[{"href":"https:\/\/www.ibikecuneo.com\/de\/wp-json\/wp\/v2\/types\/page"}],"author":[{"embeddable":true,"href":"https:\/\/www.ibikecuneo.com\/de\/wp-json\/wp\/v2\/users\/1"}],"replies":[{"embeddable":true,"href":"https:\/\/www.ibikecuneo.com\/de\/wp-json\/wp\/v2\/comments?post=1219"}],"version-history":[{"count":1,"href":"https:\/\/www.ibikecuneo.com\/de\/wp-json\/wp\/v2\/pages\/1219\/revisions"}],"predecessor-version":[{"id":1220,"href":"https:\/\/www.ibikecuneo.com\/de\/wp-json\/wp\/v2\/pages\/1219\/revisions\/1220"}],"wp:attachment":[{"href":"https:\/\/www.ibikecuneo.com\/de\/wp-json\/wp\/v2\/media?parent=1219"}],"curies":[{"name":"wp","href":"https:\/\/api.w.org\/{rel}","templated":true}]}}