{"id":1211,"date":"2022-06-17T13:43:14","date_gmt":"2022-06-17T13:43:14","guid":{"rendered":"https:\/\/www.ibikecuneo.com\/services\/"},"modified":"2022-08-29T08:03:55","modified_gmt":"2022-08-29T08:03:55","slug":"services","status":"publish","type":"page","link":"https:\/\/www.ibikecuneo.com\/fr\/services\/","title":{"rendered":"Services"},"content":{"rendered":"\n  <div id=\"page-header-53547710\" class=\"page-header-wrapper\">\n  <div class=\"page-title dark featured-title\">\n\n    \n    <div class=\"page-title-inner container align-center flex-row medium-flex-wrap\" >\n              <div class=\"title-wrapper flex-col text-left medium-text-center\">\n          <h1 class=\"entry-title mb-0\">\n            Services          <\/h1>\n        <\/div>\n                    <div class=\"title-content flex-col flex-right text-right medium-text-center\">\n        <div class=\"title-breadcrumbs pb-half pt-half\"><\/div>      <\/div>\n    <\/div>\n\n     \n<style>\n#page-header-53547710 .page-title-inner {\n  min-height: 160px;\n}\n<\/style>\n  <\/div>\n    <\/div>\n  \n\n\t<section class=\"section\" id=\"section_429219987\">\n\t\t<div class=\"bg section-bg fill bg-fill  bg-loaded\" >\n\n\t\t\t\n\t\t\t\n\t\t\t\n\n\t\t<\/div>\n\n\t\t\n\n\t\t<div class=\"section-content relative\">\n\t\t\t\n\n<div class=\"row\"  id=\"row-880450908\">\n\n\n\t<div id=\"col-940242838\" class=\"col medium-6 small-12 large-6\"  >\n\t\t\t\t<div class=\"col-inner\"  >\n\t\t\t\n\t\t\t\n\n\n\t\t<div class=\"icon-box featured-box icon-box-top text-left\"  >\n\t\t\t\t<div class=\"icon-box-text last-reset\">\n\t\t\t\t\t\t\t\t\t\n\n\t<div id=\"text-518131983\" class=\"text\">\n\t\t\n\n<h5>PARC FLUVIAL GESSO ET STURA<\/h5>\n<p>Infopoint, Piazzale Walther Cavallera 13, Cuneo Tel. 0171 444501<br><a href=\"http:\/\/www.parcofluvialegessostura.it\" target=\"_blank\" rel=\"noopener\">www.parcofluvialegessostura.it<\/a>, <a href=\"mailto:parcofluviale@comune.cuneo.it\">parcofluviale@comune.cuneo.it<\/a><\/p>\n\t\t\n<style>\n#text-518131983 {\n  font-size: 0.9rem;\n}\n<\/style>\n\t<\/div>\n\t\n\n\t\t<\/div>\n\t<\/div>\n\t\n\t\n\n\t\t<\/div>\n\t\t\t\t\t<\/div>\n\n\t\n\n\t<div id=\"col-1244189774\" class=\"col medium-6 small-12 large-6\"  >\n\t\t\t\t<div class=\"col-inner\"  >\n\t\t\t\n\t\t\t\n\n\n\t\t<div class=\"icon-box featured-box icon-box-top text-left\"  >\n\t\t\t\t<div class=\"icon-box-text last-reset\">\n\t\t\t\t\t\t\t\t\t\n\n\t<div id=\"text-1169000491\" class=\"text\">\n\t\t\n\n<h5>ATL<\/h5>\n<p>Office du tourisme local de la r\u00e9gion de CONI, Via Pascal, 7 (piazza ex Foro Boario) 12100 CUNEO &#8211; ITALY <br>Tel. +39.0171.690217 &#8211; FAX +39.0171.631528 <a href=\"http:\/\/www.cuneoholiday.com\" target=\"_blank\" rel=\"noopener\">www.cuneoholiday.com<\/a><br><a href=\"mailto:info@cuneoholiday.com\">info@cuneoholiday.com<\/a>, <a href=\"mailto:iatcuneo@cuneoholiday.com\">iatcuneo@cuneoholiday.com<\/a><\/p>\n\t\t\n<style>\n#text-1169000491 {\n  font-size: 0.9rem;\n}\n<\/style>\n\t<\/div>\n\t\n\n\t\t<\/div>\n\t<\/div>\n\t\n\t\n\n\t\t<\/div>\n\t\t\t\t\t<\/div>\n\n\t\n\n\t<div id=\"col-59053222\" class=\"col medium-6 small-12 large-6\"  >\n\t\t\t\t<div class=\"col-inner\"  >\n\t\t\t\n\t\t\t\n\n\n\t\t<div class=\"icon-box featured-box icon-box-top text-left\"  >\n\t\t\t\t<div class=\"icon-box-text last-reset\">\n\t\t\t\t\t\t\t\t\t\n\n\t<div id=\"text-2886105730\" class=\"text\">\n\t\t\n\n<h5>C\u00d4NITOURS<\/h5>\n<p>Le Consortium des op\u00e9rateurs touristiques de Coni propose \u00e9galement la location de v\u00e9los <br><a href=\"http:\/\/www.cuneoalps.it\" target=\"_blank\" rel=\"noopener\">www.cuneoalps.it<\/a> <a href=\"mailto:info@cuneoalps.it\">info@cuneoalps.it<\/a><\/p>\n\t\t\n<style>\n#text-2886105730 {\n  font-size: 0.9rem;\n}\n<\/style>\n\t<\/div>\n\t\n\n\t\t<\/div>\n\t<\/div>\n\t\n\t\n\n\t\t<\/div>\n\t\t\t\t\t<\/div>\n\n\t\n\n\t<div id=\"col-990794239\" class=\"col medium-6 small-12 large-6\"  >\n\t\t\t\t<div class=\"col-inner\"  >\n\t\t\t\n\t\t\t\n\n\n\t\t<div class=\"icon-box featured-box icon-box-top text-left\"  >\n\t\t\t\t<div class=\"icon-box-text last-reset\">\n\t\t\t\t\t\t\t\t\t\n\n\t<div id=\"text-2783794111\" class=\"text\">\n\t\t\n\n<h5>VALLE STURA EXPERIENCE<\/h5>\n<p>Consortium des entreprises du Val Stura di Demonte<br><a href=\"http:\/\/www.vallesturaexperience.it\/il-consorzio\/\" target=\"_blank\" rel=\"noopener\">www.vallesturaexperience.it\/il-consorzio\/<\/a> <a href=\"mailto:info@vallesturaexperience.it\">info@vallesturaexperience.it<\/a><\/p>\n\t\t\n<style>\n#text-2783794111 {\n  font-size: 0.9rem;\n}\n<\/style>\n\t<\/div>\n\t\n\n\t\t<\/div>\n\t<\/div>\n\t\n\t\n\n\t\t<\/div>\n\t\t\t\t\t<\/div>\n\n\t\n\n\t<div id=\"col-752825421\" class=\"col medium-6 small-12 large-6\"  >\n\t\t\t\t<div class=\"col-inner\"  >\n\t\t\t\n\t\t\t\n\n\n\t\t<div class=\"icon-box featured-box icon-box-top text-left\"  >\n\t\t\t\t<div class=\"icon-box-text last-reset\">\n\t\t\t\t\t\t\t\t\t\n\n\t<div id=\"text-1701667479\" class=\"text\">\n\t\t\n\n<h5>EMOTION ALP<\/h5>\n<p>Consortium des op\u00e9rateurs du tourisme<br><a href=\"http:\/\/www.emotionalp.com\">www.emotionalp.com<\/a><\/p>\n\t\t\n<style>\n#text-1701667479 {\n  font-size: 0.9rem;\n}\n<\/style>\n\t<\/div>\n\t\n\n\t\t<\/div>\n\t<\/div>\n\t\n\t\n\n\t\t<\/div>\n\t\t\t\t\t<\/div>\n\n\t\n\n\t<div id=\"col-870143340\" class=\"col medium-6 small-12 large-6\"  >\n\t\t\t\t<div class=\"col-inner\"  >\n\t\t\t\n\t\t\t\n\n\n\t\t<div class=\"icon-box featured-box icon-box-top text-left\"  >\n\t\t\t\t<div class=\"icon-box-text last-reset\">\n\t\t\t\t\t\t\t\t\t\n\n\t<div id=\"text-384311829\" class=\"text\">\n\t\t\n\n<h5>BECCHIS CICLI<\/h5>\n<p>Magasin de vente-location et de r\u00e9paration de v\u00e9los \u00e0 Boves t\u00e9l : 0171.380.134 \u00e0 Mondovi T\u00e9l : 0171.380.134 <br><a href=\"http:\/\/www.becchiscicli.it\" target=\"_blank\" rel=\"noopener\">www.becchiscicli.it<\/a><\/p>\n\t\t\n<style>\n#text-384311829 {\n  font-size: 0.9rem;\n}\n<\/style>\n\t<\/div>\n\t\n\n\t\t<\/div>\n\t<\/div>\n\t\n\t\n\n\t\t<\/div>\n\t\t\t\t\t<\/div>\n\n\t\n\n\t<div id=\"col-282916883\" class=\"col medium-6 small-12 large-6\"  >\n\t\t\t\t<div class=\"col-inner\"  >\n\t\t\t\n\t\t\t\n\n\n\t\t<div class=\"icon-box featured-box icon-box-top text-left\"  >\n\t\t\t\t<div class=\"icon-box-text last-reset\">\n\t\t\t\t\t\t\t\t\t\n\n\t<div id=\"text-1652212371\" class=\"text\">\n\t\t\n\n<h5>LA CICLOVIA<\/h5>\n<p>Magasin de vente et de r\u00e9paration de v\u00e9los \u00e0 Confreria (Cuneo) t\u00e9l: 0171 611430<br><a href=\"http:\/\/www.laciclovia.bike\" target=\"_blank\" rel=\"noopener\">www.laciclovia.bike<\/a> <a href=\"mailto:info@laciclovia.bike\">info@laciclovia.bike<\/a><\/p>\n\t\t\n<style>\n#text-1652212371 {\n  font-size: 0.9rem;\n}\n<\/style>\n\t<\/div>\n\t\n\n\t\t<\/div>\n\t<\/div>\n\t\n\t\n\n\t\t<\/div>\n\t\t\t\t\t<\/div>\n\n\t\n\n\t<div id=\"col-1195187444\" class=\"col medium-6 small-12 large-6\"  >\n\t\t\t\t<div class=\"col-inner\"  >\n\t\t\t\n\t\t\t\n\n\n\t\t<div class=\"icon-box featured-box icon-box-top text-left\"  >\n\t\t\t\t<div class=\"icon-box-text last-reset\">\n\t\t\t\t\t\t\t\t\t\n\n\t<div id=\"text-1003312258\" class=\"text\">\n\t\t\n\n<h5>BIKE HOUSE<\/h5>\n<p>Outdoor Point &#8211; ENTRACQUE location E-Bike et guide Telefono: +39 339.5269316 <a href=\"http:\/\/www.facebook.com\/BikeHouseEntracque\/\" target=\"_blank\" rel=\"noopener\">www.facebook.com\/BikeHouseEntracque\/<\/a><\/p>\n\t\t\n<style>\n#text-1003312258 {\n  font-size: 0.9rem;\n}\n<\/style>\n\t<\/div>\n\t\n\n\t\t<\/div>\n\t<\/div>\n\t\n\t\n\n\t\t<\/div>\n\t\t\t\t\t<\/div>\n\n\t\n\n\t<div id=\"col-1519624964\" class=\"col medium-6 small-12 large-6\"  >\n\t\t\t\t<div class=\"col-inner\"  >\n\t\t\t\n\t\t\t\n\n\n\t\t<div class=\"icon-box featured-box icon-box-top text-left\"  >\n\t\t\t\t<div class=\"icon-box-text last-reset\">\n\t\t\t\t\t\t\t\t\t\n\n\t<div id=\"text-3710968555\" class=\"text\">\n\t\t\n\n<h5>GRANDABUS<\/h5>\n<p>Location de bus avec possibilit\u00e9 de transport de v\u00e9los<br><a href=\"http:\/\/www.buscompany.it\/airone\/\" target=\"_blank\" rel=\"noopener\">www.buscompany.it\/airone\/<\/a> | <a href=\"mailto:noleggio@buscompany.it\">noleggio@buscompany.it<\/a><\/p>\n\t\t\n<style>\n#text-3710968555 {\n  font-size: 0.9rem;\n}\n<\/style>\n\t<\/div>\n\t\n\n\t\t<\/div>\n\t<\/div>\n\t\n\t\n\n\t\t<\/div>\n\t\t\t\t\t<\/div>\n\n\t\n\n\t<div id=\"col-1355275245\" class=\"col medium-6 small-12 large-6\"  >\n\t\t\t\t<div class=\"col-inner\"  >\n\t\t\t\n\t\t\t\n\n\n\t\t<div class=\"icon-box featured-box icon-box-top text-left\"  >\n\t\t\t\t<div class=\"icon-box-text last-reset\">\n\t\t\t\t\t\t\t\t\t\n\n\t<div id=\"text-1763595118\" class=\"text\">\n\t\t\n\n<h5>ENJOY BISALTA<\/h5>\n<p>Association de producteurs et de commer\u00e7ants du Val Pesio. <br><a href=\"http:\/\/enjoybisalta.com\" target=\"_blank\" rel=\"noopener\">enjoybisalta.com<\/a> | <a href=\"mailto:enjoy.bisalta@gmail.com\">enjoy.bisalta@gmail.com<\/a><\/p>\n\t\t\n<style>\n#text-1763595118 {\n  font-size: 0.9rem;\n}\n<\/style>\n\t<\/div>\n\t\n\n\t\t<\/div>\n\t<\/div>\n\t\n\t\n\n\t\t<\/div>\n\t\t\t\t\t<\/div>\n\n\t\n\n\t<div id=\"col-86977992\" class=\"col medium-6 small-12 large-6\"  >\n\t\t\t\t<div class=\"col-inner\"  >\n\t\t\t\n\t\t\t\n\n\n\t\t<div class=\"icon-box featured-box icon-box-top text-left\"  >\n\t\t\t\t<div class=\"icon-box-text last-reset\">\n\t\t\t\t\t\t\t\t\t\n\n\t<div id=\"text-3833777260\" class=\"text\">\n\t\t\n\n<h5>GRANDA BIKE TOUR<\/h5>\n<p>Services pour l\u2019outdoor<br><a href=\"http:\/\/www.grandabiketour.it\" target=\"_blank\" rel=\"noopener\">www.grandabiketour.it<\/a><\/p>\n\t\t\n<style>\n#text-3833777260 {\n  font-size: 0.9rem;\n}\n<\/style>\n\t<\/div>\n\t\n\n\t\t<\/div>\n\t<\/div>\n\t\n\t\n\n\t\t<\/div>\n\t\t\t\t\t<\/div>\n\n\t\n\n<\/div>\n\n\t\t<\/div>\n\n\t\t\n<style>\n#section_429219987 {\n  padding-top: 30px;\n  padding-bottom: 30px;\n}\n#section_429219987 .ux-shape-divider--top svg {\n  height: 150px;\n  --divider-top-width: 100%;\n}\n#section_429219987 .ux-shape-divider--bottom svg {\n  height: 150px;\n  --divider-width: 100%;\n}\n<\/style>\n\t<\/section>\n\t\n\n","protected":false},"excerpt":{"rendered":"","protected":false},"author":1,"featured_media":0,"parent":0,"menu_order":7,"comment_status":"closed","ping_status":"closed","template":"","meta":[],"_links":{"self":[{"href":"https:\/\/www.ibikecuneo.com\/fr\/wp-json\/wp\/v2\/pages\/1211"}],"collection":[{"href":"https:\/\/www.ibikecuneo.com\/fr\/wp-json\/wp\/v2\/pages"}],"about":[{"href":"https:\/\/www.ibikecuneo.com\/fr\/wp-json\/wp\/v2\/types\/page"}],"author":[{"embeddable":true,"href":"https:\/\/www.ibikecuneo.com\/fr\/wp-json\/wp\/v2\/users\/1"}],"replies":[{"embeddable":true,"href":"https:\/\/www.ibikecuneo.com\/fr\/wp-json\/wp\/v2\/comments?post=1211"}],"version-history":[{"count":1,"href":"https:\/\/www.ibikecuneo.com\/fr\/wp-json\/wp\/v2\/pages\/1211\/revisions"}],"predecessor-version":[{"id":1212,"href":"https:\/\/www.ibikecuneo.com\/fr\/wp-json\/wp\/v2\/pages\/1211\/revisions\/1212"}],"wp:attachment":[{"href":"https:\/\/www.ibikecuneo.com\/fr\/wp-json\/wp\/v2\/media?parent=1211"}],"curies":[{"name":"wp","href":"https:\/\/api.w.org\/{rel}","templated":true}]}}