{"id":1213,"date":"2022-07-08T13:28:07","date_gmt":"2022-07-08T13:28:07","guid":{"rendered":"https:\/\/www.ibikecuneo.com\/comment-arriver-a-coni\/"},"modified":"2022-08-29T08:07:33","modified_gmt":"2022-08-29T08:07:33","slug":"comment-arriver-a-coni","status":"publish","type":"page","link":"https:\/\/www.ibikecuneo.com\/fr\/comment-arriver-a-coni\/","title":{"rendered":"Comment arriver \u00e0 Coni"},"content":{"rendered":"\n  <div id=\"page-header-898767727\" class=\"page-header-wrapper\">\n  <div class=\"page-title dark featured-title\">\n\n    \n    <div class=\"page-title-inner container align-center flex-row medium-flex-wrap\" >\n              <div class=\"title-wrapper flex-col text-left medium-text-center\">\n          <h1 class=\"entry-title mb-0\">\n            Comment arriver \u00e0 Coni          <\/h1>\n        <\/div>\n                    <div class=\"title-content flex-col flex-right text-right medium-text-center\">\n        <div class=\"title-breadcrumbs pb-half pt-half\"><\/div>      <\/div>\n    <\/div>\n\n     \n<style>\n#page-header-898767727 .page-title-inner {\n  min-height: 160px;\n}\n<\/style>\n  <\/div>\n    <\/div>\n  \n\n\t<section class=\"section\" id=\"section_1513546075\">\n\t\t<div class=\"bg section-bg fill bg-fill  bg-loaded\" >\n\n\t\t\t\n\t\t\t\n\t\t\t\n\n\t\t<\/div>\n\n\t\t\n\n\t\t<div class=\"section-content relative\">\n\t\t\t\n\n<div class=\"row\"  id=\"row-172571130\">\n\n\n\t<div id=\"col-700459736\" class=\"col small-12 large-12\"  >\n\t\t\t\t<div class=\"col-inner\"  >\n\t\t\t\n\t\t\t\n\n\n\t\t<div class=\"icon-box featured-box icon-box-left text-left\"  >\n\t\t\t\t\t<div class=\"icon-box-img\" style=\"width: 60px\">\n\t\t\t\t<div class=\"icon\">\n\t\t\t\t\t<div class=\"icon-inner\" >\n\t\t\t\t\t\t<img width=\"64\" height=\"64\" src=\"https:\/\/www.ibikecuneo.com\/wp-content\/uploads\/2022\/07\/icons8-train-64.png\" class=\"attachment-medium size-medium\" alt=\"\" decoding=\"async\" loading=\"lazy\" \/>\t\t\t\t\t<\/div>\n\t\t\t\t<\/div>\n\t\t\t<\/div>\n\t\t\t\t<div class=\"icon-box-text last-reset\">\n\t\t\t<h5 class=\"uppercase\">En train<\/h5>\t\t\t\t\t\t\n\n<p>Les principales gares ferroviaires se trouvent \u00e0 Coni, Fossano, Savigliano, Mondovi, Borgo San Dalmazzo. <br>Trenitalia T\u00e9l. Centre d\u2019appel FS 892021 | <a href=\"http:\/\/www.trenitalia.it\" target=\"_blank\" rel=\"noopener\">www.trenitalia.it<\/a> <br>Pour des informations d\u00e9taill\u00e9es, voir la section Transports locaux Mode de transport des v\u00e9los en train Trenitalia<\/p>\n\n\t\t<\/div>\n\t<\/div>\n\t\n\t\n\n\t\t<\/div>\n\t\t\t\t\n<style>\n#col-700459736 > .col-inner {\n  margin: 0px 0px 10px 0px;\n}\n<\/style>\n\t<\/div>\n\n\t\n\n\t<div id=\"col-1080394687\" class=\"col small-12 large-12\"  >\n\t\t\t\t<div class=\"col-inner\"  >\n\t\t\t\n\t\t\t\n\n\n\t\t<div class=\"icon-box featured-box icon-box-left text-left\"  >\n\t\t\t\t\t<div class=\"icon-box-img\" style=\"width: 60px\">\n\t\t\t\t<div class=\"icon\">\n\t\t\t\t\t<div class=\"icon-inner\" >\n\t\t\t\t\t\t<img width=\"64\" height=\"64\" src=\"https:\/\/www.ibikecuneo.com\/wp-content\/uploads\/2022\/07\/icons8-car-64.png\" class=\"attachment-medium size-medium\" alt=\"\" decoding=\"async\" loading=\"lazy\" \/>\t\t\t\t\t<\/div>\n\t\t\t\t<\/div>\n\t\t\t<\/div>\n\t\t\t\t<div class=\"icon-box-text last-reset\">\n\t\t\t<h5 class=\"uppercase\">En voiure<\/h5>\t\t\t\t\t\t\n\n<p>A21 Turin-Piacenza: sortir \u00e0 Asti Est et continuer sur l\u2019A33 Asti-Coni et sortir \u00e0 Sant\u2019Albano Stura <br>A6 Turin-Savone: continuer sur l\u2019A33 Asti Coni et sortir \u00e0 Sant\u2019Albano Stura<\/p>\n\n\t\t<\/div>\n\t<\/div>\n\t\n\t\n\n\t\t<\/div>\n\t\t\t\t\n<style>\n#col-1080394687 > .col-inner {\n  padding: 0px 0px 10px 0px;\n}\n<\/style>\n\t<\/div>\n\n\t\n\n\t<div id=\"col-1004657402\" class=\"col small-12 large-12\"  >\n\t\t\t\t<div class=\"col-inner\"  >\n\t\t\t\n\t\t\t\n\n\n\t\t<div class=\"icon-box featured-box icon-box-left text-left\"  >\n\t\t\t\t\t<div class=\"icon-box-img\" style=\"width: 60px\">\n\t\t\t\t<div class=\"icon\">\n\t\t\t\t\t<div class=\"icon-inner\" >\n\t\t\t\t\t\t<img width=\"64\" height=\"64\" src=\"https:\/\/www.ibikecuneo.com\/wp-content\/uploads\/2022\/07\/icons8-airplane-64.png\" class=\"attachment-medium size-medium\" alt=\"\" decoding=\"async\" loading=\"lazy\" \/>\t\t\t\t\t<\/div>\n\t\t\t\t<\/div>\n\t\t\t<\/div>\n\t\t\t\t<div class=\"icon-box-text last-reset\">\n\t\t\t<h5 class=\"uppercase\">En avion<\/h5>\t\t\t\t\t\t\n\n<p>A\u00e9roport de Coni Levaldigi S.p.A. A\u00e9roport international de Torino Caselle<\/p>\n\n\t\t<\/div>\n\t<\/div>\n\t\n\t\n\n\t\t<\/div>\n\t\t\t\t\n<style>\n#col-1004657402 > .col-inner {\n  padding: 0px 0px 10px 0px;\n}\n<\/style>\n\t<\/div>\n\n\t\n\n\t<div id=\"col-1831940439\" class=\"col small-12 large-12\"  >\n\t\t\t\t<div class=\"col-inner\"  >\n\t\t\t\n\t\t\t\n\n\n\t\t<div class=\"icon-box featured-box icon-box-left text-left\"  >\n\t\t\t\t\t<div class=\"icon-box-img\" style=\"width: 60px\">\n\t\t\t\t<div class=\"icon\">\n\t\t\t\t\t<div class=\"icon-inner\" >\n\t\t\t\t\t\t<img width=\"64\" height=\"64\" src=\"https:\/\/www.ibikecuneo.com\/wp-content\/uploads\/2022\/07\/icons8-bus-64.png\" class=\"attachment-medium size-medium\" alt=\"\" decoding=\"async\" loading=\"lazy\" \/>\t\t\t\t\t<\/div>\n\t\t\t\t<\/div>\n\t\t\t<\/div>\n\t\t\t\t<div class=\"icon-box-text last-reset\">\n\t\t\t<h5 class=\"uppercase\">Bus et transports urbains<\/h5>\t\t\t\t\t\t\n\n<p>Services extra-urbains, Ville et alentours d\u2019Alba, Bra, Urbano Saluzzo, Mondovi (funiculaire et bus), Fossano et Savigliano <br>Si\u00e8ge op\u00e9rationnel: Via Circonvallazione, 19 12037 \u2013 Saluzzo (CN)<br>Num\u00e9ro vert: 800.111.773<br>T\u00e9l: 0175 \u2013 47.88.11 <br>Email: <a href=\"mailto:consorzio@grandabus.it\">consorzio@grandabus.it <\/a> <\/p>\n<p>Service ville et alentours de Coni <br>Si\u00e8ge op\u00e9rationnel: Discesa Bellavista, 11 12100 \u2013 Cuneo (CN)<br>Num\u00e9ro vert : 800.338.171<br>T\u00e9l: 0171 \u2013 488544<br>Email: <a href=\"mailto:info@grandabus.it\">info@grandabus.it <\/a> <\/p>\n<p>Bureau Guichet unique Grandabus <br>Si\u00e8ge op\u00e9rationnel: Via Carlo Pascal, 7 (Ex Piazza Foro Boario) \u2013 12100 Cuneo <br>T\u00e9l: 0171\u201330.16.17 <br>Email: <a href=\"mailto:biglietteria.cuneo@grandabus.it\">biglietteria.cuneo@grandabus.it<\/a><\/p>\n\n\t\t<\/div>\n\t<\/div>\n\t\n\t\n\n\t\t<\/div>\n\t\t\t\t\t<\/div>\n\n\t\n\n<\/div>\n\n\t\t<\/div>\n\n\t\t\n<style>\n#section_1513546075 {\n  padding-top: 30px;\n  padding-bottom: 30px;\n}\n#section_1513546075 .ux-shape-divider--top svg {\n  height: 150px;\n  --divider-top-width: 100%;\n}\n#section_1513546075 .ux-shape-divider--bottom svg {\n  height: 150px;\n  --divider-width: 100%;\n}\n<\/style>\n\t<\/section>\n\t\n\n","protected":false},"excerpt":{"rendered":"","protected":false},"author":1,"featured_media":0,"parent":0,"menu_order":8,"comment_status":"closed","ping_status":"closed","template":"","meta":[],"_links":{"self":[{"href":"https:\/\/www.ibikecuneo.com\/fr\/wp-json\/wp\/v2\/pages\/1213"}],"collection":[{"href":"https:\/\/www.ibikecuneo.com\/fr\/wp-json\/wp\/v2\/pages"}],"about":[{"href":"https:\/\/www.ibikecuneo.com\/fr\/wp-json\/wp\/v2\/types\/page"}],"author":[{"embeddable":true,"href":"https:\/\/www.ibikecuneo.com\/fr\/wp-json\/wp\/v2\/users\/1"}],"replies":[{"embeddable":true,"href":"https:\/\/www.ibikecuneo.com\/fr\/wp-json\/wp\/v2\/comments?post=1213"}],"version-history":[{"count":1,"href":"https:\/\/www.ibikecuneo.com\/fr\/wp-json\/wp\/v2\/pages\/1213\/revisions"}],"predecessor-version":[{"id":1214,"href":"https:\/\/www.ibikecuneo.com\/fr\/wp-json\/wp\/v2\/pages\/1213\/revisions\/1214"}],"wp:attachment":[{"href":"https:\/\/www.ibikecuneo.com\/fr\/wp-json\/wp\/v2\/media?parent=1213"}],"curies":[{"name":"wp","href":"https:\/\/api.w.org\/{rel}","templated":true}]}}