{"id":1573,"date":"2022-09-28T14:30:09","date_gmt":"2022-09-28T14:30:09","guid":{"rendered":"https:\/\/www.ibikecuneo.com\/routes\/de-cuneo-au-col-de-tende-a-velo-le-long-dune-ancienne-route-du-sel\/palanfre-un-joyau-de-larchitecture-alpine\/"},"modified":"2022-10-05T10:07:19","modified_gmt":"2022-10-05T10:07:19","slug":"palanfre-un-joyau-de-larchitecture-alpine","status":"publish","type":"page","link":"https:\/\/www.ibikecuneo.com\/fr\/routes\/de-cuneo-au-col-de-tende-a-velo-le-long-dune-ancienne-route-du-sel\/palanfre-un-joyau-de-larchitecture-alpine\/","title":{"rendered":"Palanfr\u00e8, un joyau de l&rsquo;architecture alpine"},"content":{"rendered":"\n  <div id=\"page-header-810601619\" class=\"page-header-wrapper\">\n  <div class=\"page-title dark featured-title\">\n\n        <div class=\"page-title-bg\">\n      <div class=\"title-bg fill bg-fill\"\n        data-parallax-container=\".page-title\"\n        data-parallax-background\n        data-parallax=\"-\">\n      <\/div>\n      <div class=\"title-overlay fill\"><\/div>\n    <\/div>\n    \n    <div class=\"page-title-inner container align-center flex-row medium-flex-wrap\" >\n              <div class=\"title-wrapper flex-col text-left medium-text-center\">\n          <h1 class=\"entry-title mb-0\">\n            Palanfr\u00e8, un joyau de l&rsquo;architecture alpine          <\/h1>\n        <\/div>\n                    <div class=\"title-content flex-col flex-right text-right medium-text-center\">\n        <div class=\"title-breadcrumbs pb-half pt-half\"><\/div>      <\/div>\n    <\/div>\n\n     \n<style>\n#page-header-810601619 .page-title-inner {\n  min-height: 160px;\n}\n#page-header-810601619 .title-bg {\n  background-image: url(https:\/\/www.ibikecuneo.com\/wp-content\/uploads\/2022\/10\/seg3_PALANFRE-1-FOTO-GIORGIO-BERNARDI.jpg);\n}\n#page-header-810601619 .title-overlay {\n  background-color: rgba(0,0,0,.5);\n}\n<\/style>\n  <\/div>\n    <\/div>\n  \n\n\t<section class=\"section\" id=\"section_225779787\">\n\t\t<div class=\"bg section-bg fill bg-fill  bg-loaded\" >\n\n\t\t\t\n\t\t\t\n\t\t\t\n\n\t\t<\/div>\n\n\t\t\n\n\t\t<div class=\"section-content relative\">\n\t\t\t\n\n<div class=\"row row-large row-divided\"  id=\"row-330878223\">\n\n\n\t<div id=\"col-446449676\" class=\"col medium-8 large-8\"  >\n\t\t\t\t<div class=\"col-inner\"  >\n\t\t\t\n\t\t\t\n\n<p>De Vernante, il ne faut pas manquer l&rsquo;ascension de la Val Grande jusqu&rsquo;\u00e0 Palanfr\u00e8, un hameau situ\u00e9 \u00e0 la limite du parc naturel des Alpi Marittime, d&rsquo;o\u00f9 partent de splendides itin\u00e9raires de randonn\u00e9e, comme celui qui m\u00e8ne aux lacs des Albergh.<\/p>\n<p>Dans les environs imm\u00e9diats du hameau se trouve une c\u00e9l\u00e8bre h\u00eatraie, une \u00ab\u00a0bandita\u00a0\u00bb qui prot\u00e8ge les maisons des avalanches depuis des si\u00e8cles. Les conditions de vie inconfortables ont conduit dans les ann\u00e9es 1980 \u00e0 l&rsquo;abandon complet de Palanfr\u00e8 en hiver. Une situation qui a encore chang\u00e9 au d\u00e9but des ann\u00e9es 2000, lorsque deux familles d&rsquo;\u00e9leveurs de la r\u00e9gion sont revenues vivre en permanence dans le hameau toute l&rsquo;ann\u00e9e. Aujourd&rsquo;hui, Palanfr\u00e8 offre aux visiteurs un h\u00f4tel-refuge et une fromagerie vendant des fromages d&rsquo;alpage de haute qualit\u00e9.<\/p>\n\t<div class=\"img has-hover x md-x lg-x y md-y lg-y\" id=\"image_1501463812\">\n\t\t\t\t\t\t\t\t<div class=\"img-inner dark\" >\n\t\t\t<img width=\"1020\" height=\"691\" src=\"https:\/\/www.ibikecuneo.com\/wp-content\/uploads\/2022\/10\/seg3_PALANFRE-1-FOTO-GIORGIO-BERNARDI-1024x694.jpg\" class=\"attachment-large size-large\" alt=\"\" decoding=\"async\" loading=\"lazy\" srcset=\"https:\/\/www.ibikecuneo.com\/wp-content\/uploads\/2022\/10\/seg3_PALANFRE-1-FOTO-GIORGIO-BERNARDI-1024x694.jpg 1024w, https:\/\/www.ibikecuneo.com\/wp-content\/uploads\/2022\/10\/seg3_PALANFRE-1-FOTO-GIORGIO-BERNARDI-300x203.jpg 300w, https:\/\/www.ibikecuneo.com\/wp-content\/uploads\/2022\/10\/seg3_PALANFRE-1-FOTO-GIORGIO-BERNARDI-768x521.jpg 768w, https:\/\/www.ibikecuneo.com\/wp-content\/uploads\/2022\/10\/seg3_PALANFRE-1-FOTO-GIORGIO-BERNARDI-1536x1041.jpg 1536w, https:\/\/www.ibikecuneo.com\/wp-content\/uploads\/2022\/10\/seg3_PALANFRE-1-FOTO-GIORGIO-BERNARDI.jpg 2000w\" sizes=\"(max-width: 1020px) 100vw, 1020px\" \/>\t\t\t\t\t\t\n\t\t\t\t\t<\/div>\n\t\t\t\t\t\t\t\t\n<style>\n#image_1501463812 {\n  width: 100%;\n}\n<\/style>\n\t<\/div>\n\t\n\n\t<div class=\"img has-hover x md-x lg-x y md-y lg-y\" id=\"image_527172253\">\n\t\t\t\t\t\t\t\t<div class=\"img-inner dark\" >\n\t\t\t<img width=\"1020\" height=\"679\" src=\"https:\/\/www.ibikecuneo.com\/wp-content\/uploads\/2022\/10\/PALANFRE-2-FOTO-GIORGIO-BERNARDI-1024x682.jpg\" class=\"attachment-large size-large\" alt=\"\" decoding=\"async\" loading=\"lazy\" srcset=\"https:\/\/www.ibikecuneo.com\/wp-content\/uploads\/2022\/10\/PALANFRE-2-FOTO-GIORGIO-BERNARDI-1024x682.jpg 1024w, https:\/\/www.ibikecuneo.com\/wp-content\/uploads\/2022\/10\/PALANFRE-2-FOTO-GIORGIO-BERNARDI-300x200.jpg 300w, https:\/\/www.ibikecuneo.com\/wp-content\/uploads\/2022\/10\/PALANFRE-2-FOTO-GIORGIO-BERNARDI-768x512.jpg 768w, https:\/\/www.ibikecuneo.com\/wp-content\/uploads\/2022\/10\/PALANFRE-2-FOTO-GIORGIO-BERNARDI-1536x1024.jpg 1536w, https:\/\/www.ibikecuneo.com\/wp-content\/uploads\/2022\/10\/PALANFRE-2-FOTO-GIORGIO-BERNARDI.jpg 2000w\" sizes=\"(max-width: 1020px) 100vw, 1020px\" \/>\t\t\t\t\t\t\n\t\t\t\t\t<\/div>\n\t\t\t\t\t\t\t\t\n<style>\n#image_527172253 {\n  width: 100%;\n}\n<\/style>\n\t<\/div>\n\t\n\n\n\t\t<\/div>\n\t\t\t\t\t<\/div>\n\n\t\n\n\t<div id=\"col-1642706454\" class=\"col medium-4 large-4\"  >\n\t\t\t\t<div class=\"col-inner\"  >\n\t\t\t\n\t\t\t\n\n<div class=\"row row-collapse row-full-width\"  id=\"row-583808445\">\r\n\r\n\n\t<div id=\"col-27349616\" class=\"col small-12 large-12\"  >\n\t\t\t\t<div class=\"col-inner\"  >\n\t\t\t\n\t\t\t\r\n\r\n\t<div id=\"text-3931767695\" class=\"text\">\n\t\t\r\n\r\n<h4>De Cuneo au Col de Tende, \u00e0 v\u00e9lo le long d\u2019une ancienne route du sel<\/h4>\r\n<h5>Segments<\/h5>\r\n\t\t\n<style>\n#text-3931767695 {\n  line-height: 1.2;\n}\n<\/style>\n\t<\/div>\n\t\r\n\t<div class=\"ux-menu stack stack-col justify-start ux-menu--divider-solid\">\n\t\t\r\n\r\n\t<div class=\"ux-menu-link flex menu-item\">\n\t\t<a class=\"ux-menu-link__link flex\" href=\"https:\/\/www.ibikecuneo.com\/percorsi\/percorso-5\/da-cuneo-alla-valle-vermenagna\/\"  >\n\t\t\t\t\t\t<span class=\"ux-menu-link__text\">\n\t\t\t\tDe Cuneo \u00e0 la Vall\u00e9e de la Vermenagna\t\t\t<\/span>\n\t\t<\/a>\n\t<\/div>\n\t\r\n\r\n\t<div class=\"ux-menu-link flex menu-item\">\n\t\t<a class=\"ux-menu-link__link flex\" href=\"https:\/\/www.ibikecuneo.com\/percorsi\/percorso-5\/il-paese-di-pinocchio\/\"  >\n\t\t\t\t\t\t<span class=\"ux-menu-link__text\">\n\t\t\t\tLe village de Pinocchio\t\t\t<\/span>\n\t\t<\/a>\n\t<\/div>\n\t\r\n\r\n\t<div class=\"ux-menu-link flex menu-item\">\n\t\t<a class=\"ux-menu-link__link flex\" href=\"https:\/\/www.ibikecuneo.com\/percorsi\/percorso-5\/palanfre-gioiello-di-architettura-alpina\/\"  >\n\t\t\t\t\t\t<span class=\"ux-menu-link__text\">\n\t\t\t\tPalanfr\u00e8, un joyau de l&#039;architecture alpine \t\t\t<\/span>\n\t\t<\/a>\n\t<\/div>\n\t\r\n\r\n\t<div class=\"ux-menu-link flex menu-item\">\n\t\t<a class=\"ux-menu-link__link flex\" href=\"https:\/\/www.ibikecuneo.com\/percorsi\/percorso-5\/una-grande-stazione-di-sci\/\"  >\n\t\t\t\t\t\t<span class=\"ux-menu-link__text\">\n\t\t\t\tUne grande station de ski\t\t\t<\/span>\n\t\t<\/a>\n\t<\/div>\n\t\r\n\r\n\t<div class=\"ux-menu-link flex menu-item\">\n\t\t<a class=\"ux-menu-link__link flex\" href=\"https:\/\/www.ibikecuneo.com\/percorsi\/percorso-5\/i-forti-del-colle-di-tenda-e-la-via-del-sale\/\"  >\n\t\t\t\t\t\t<span class=\"ux-menu-link__text\">\n\t\t\t\tLes forts du Col de Tende et la Route du Sel\t\t\t<\/span>\n\t\t<\/a>\n\t<\/div>\n\t\r\n\r\n\r\n\t<\/div>\n\t\r\n<div class=\"text-center\"><div class=\"is-divider divider clearfix\" style=\"background-color:rgb(0, 162, 157);\"><\/div><\/div>\r\n\r\n\t<div id=\"text-2395202664\" class=\"text\">\n\t\t\r\n\r\n<h4>Autres itin\u00e9raires<\/h4>\r\n\t\t\n<style>\n#text-2395202664 {\n  line-height: 1.2;\n}\n<\/style>\n\t<\/div>\n\t\r\n\t<div class=\"ux-menu stack stack-col justify-start ux-menu--divider-solid\">\n\t\t\r\n\r\n\t<div class=\"ux-menu-link flex menu-item\">\n\t\t<a class=\"ux-menu-link__link flex\" href=\"https:\/\/www.ibikecuneo.com\/percorsi\/alla-scoperta-di-cuneo-e-del-parco-fluviale-gesso-e-stura\/\"  >\n\t\t\t\t\t\t<span class=\"ux-menu-link__text\">\n\t\t\t\t\u00c0 la d\u00e9couverte de Coni et du Parc fluvial Gesso et Stura\t\t\t<\/span>\n\t\t<\/a>\n\t<\/div>\n\t\r\n\r\n\t<div class=\"ux-menu-link flex menu-item\">\n\t\t<a class=\"ux-menu-link__link flex\" href=\"https:\/\/www.ibikecuneo.com\/percorsi\/pedalare-tra-arte-e-natura-cuneo-valle-grana-e-valle-maira\/\"  >\n\t\t\t\t\t\t<span class=\"ux-menu-link__text\">\n\t\t\t\tP\u00e9daler entre art et nature: Coni, le Val Grana et le Val Maira\t\t\t<\/span>\n\t\t<\/a>\n\t<\/div>\n\t\r\n\r\n\t<div class=\"ux-menu-link flex menu-item\">\n\t\t<a class=\"ux-menu-link__link flex\" href=\"https:\/\/www.ibikecuneo.com\/percorsi\/in-bicicletta-tra-cuneo-mondovi-vicoforte-e-chiusa-di-pesio\/\"  >\n\t\t\t\t\t\t<span class=\"ux-menu-link__text\">\n\t\t\t\t\u00c0 v\u00e9lo entre Coni, Mondovi, Vicoforte et Chiusa di Pesio\t\t\t<\/span>\n\t\t<\/a>\n\t<\/div>\n\t\r\n\r\n\t<div class=\"ux-menu-link flex menu-item\">\n\t\t<a class=\"ux-menu-link__link flex\" href=\"https:\/\/www.ibikecuneo.com\/percorsi\/da-cuneo-alle-terme-di-valdieri-pedalare-tra-natura-e-benessere\/\"  >\n\t\t\t\t\t\t<span class=\"ux-menu-link__text\">\n\t\t\t\tDe Coni aux Thermes de Valdieri, rouler \u00e0 v\u00e9lo entre nature et bien-\u00eatre\t\t\t<\/span>\n\t\t<\/a>\n\t<\/div>\n\t\r\n\r\n\r\n\t<\/div>\n\t\r\n\r\n\t\t<\/div>\n\t\t\t\t\t<\/div>\n\n\t\r\n\r\n<\/div>\n\n\n\n\n\t\t<\/div>\n\t\t\t\t\t<\/div>\n\n\t\n\n<\/div>\n\n\t\t<\/div>\n\n\t\t\n<style>\n#section_225779787 {\n  padding-top: 30px;\n  padding-bottom: 30px;\n}\n#section_225779787 .ux-shape-divider--top svg {\n  height: 150px;\n  --divider-top-width: 100%;\n}\n#section_225779787 .ux-shape-divider--bottom svg {\n  height: 150px;\n  --divider-width: 100%;\n}\n<\/style>\n\t<\/section>\n\t\n\n","protected":false},"excerpt":{"rendered":"","protected":false},"author":1,"featured_media":1647,"parent":1554,"menu_order":3,"comment_status":"closed","ping_status":"closed","template":"","meta":[],"_links":{"self":[{"href":"https:\/\/www.ibikecuneo.com\/fr\/wp-json\/wp\/v2\/pages\/1573"}],"collection":[{"href":"https:\/\/www.ibikecuneo.com\/fr\/wp-json\/wp\/v2\/pages"}],"about":[{"href":"https:\/\/www.ibikecuneo.com\/fr\/wp-json\/wp\/v2\/types\/page"}],"author":[{"embeddable":true,"href":"https:\/\/www.ibikecuneo.com\/fr\/wp-json\/wp\/v2\/users\/1"}],"replies":[{"embeddable":true,"href":"https:\/\/www.ibikecuneo.com\/fr\/wp-json\/wp\/v2\/comments?post=1573"}],"version-history":[{"count":4,"href":"https:\/\/www.ibikecuneo.com\/fr\/wp-json\/wp\/v2\/pages\/1573\/revisions"}],"predecessor-version":[{"id":1700,"href":"https:\/\/www.ibikecuneo.com\/fr\/wp-json\/wp\/v2\/pages\/1573\/revisions\/1700"}],"up":[{"embeddable":true,"href":"https:\/\/www.ibikecuneo.com\/fr\/wp-json\/wp\/v2\/pages\/1554"}],"wp:featuredmedia":[{"embeddable":true,"href":"https:\/\/www.ibikecuneo.com\/fr\/wp-json\/wp\/v2\/media\/1647"}],"wp:attachment":[{"href":"https:\/\/www.ibikecuneo.com\/fr\/wp-json\/wp\/v2\/media?parent=1573"}],"curies":[{"name":"wp","href":"https:\/\/api.w.org\/{rel}","templated":true}]}}